{"id":46289,"date":"2023-03-02T11:26:28","date_gmt":"2021-01-25T11:25:00","guid":{"rendered":"http:\/\/yellowinmo.dev.theroomsocial.com\/property\/2265-2\/"},"modified":"2023-03-04T05:35:24","modified_gmt":"2023-03-04T05:35:24","slug":"2265","status":"publish","type":"wdd-property","link":"http:\/\/yellowinmo.dev.theroomsocial.com\/fr\/property\/2265\/","title":{"rendered":"Casita Bella"},"content":{"rendered":"<p><p>La Casita Bella est situ\u00e9e \u00e0 Rana Verde, l&rsquo;un des meilleurs quartiers r\u00e9sidentiels de Chiclana de la Frontera. L&rsquo;\u00e9l\u00e9gante r\u00e9sidence est situ\u00e9e en bordure d&rsquo;une pin\u00e8de \u00e0 proximit\u00e9 des plages (La Barrosa), \u00e0 environ 2,5 km. La vieille ville de Chiclana, o\u00f9 se trouvent le march\u00e9 et de nombreux petits commerces, est \u00e0 environ 3 km. Plusieurs restaurants et bars \u00e0 tapas sont accessibles \u00e0 pied en quelques minutes. Avec une courte promenade (10 min.) \u00c0 travers la belle for\u00eat de pins, vous pouvez rejoindre le prochain grand supermarch\u00e9. Le chalet a la capacit\u00e9 d&rsquo;accueillir 7 personnes, piscine priv\u00e9e, jacuzzi priv\u00e9 avec eau chaude pour les mois d&rsquo;hiver, espace transat, espace barbecue. Il est id\u00e9al pour la location de vacances. Une semaine co\u00fbte 1 680 \u20ac et le nettoyage final co\u00fbte 150 \u20ac.<\/p><\/p>\n","protected":false},"author":1,"featured_media":171870,"template":"","class_list":["post-46289","wdd-property","type-wdd-property","status-publish","has-post-thumbnail","hentry","wdd-location-la-rana-verde","wdd-operation-de-location","wdd-property-type-villa"],"_links":{"self":[{"href":"http:\/\/yellowinmo.dev.theroomsocial.com\/fr\/wp-json\/wp\/v2\/wdd-property\/46289","targetHints":{"allow":["GET"]}}],"collection":[{"href":"http:\/\/yellowinmo.dev.theroomsocial.com\/fr\/wp-json\/wp\/v2\/wdd-property"}],"about":[{"href":"http:\/\/yellowinmo.dev.theroomsocial.com\/fr\/wp-json\/wp\/v2\/types\/wdd-property"}],"author":[{"embeddable":true,"href":"http:\/\/yellowinmo.dev.theroomsocial.com\/fr\/wp-json\/wp\/v2\/users\/1"}],"version-history":[{"count":3,"href":"http:\/\/yellowinmo.dev.theroomsocial.com\/fr\/wp-json\/wp\/v2\/wdd-property\/46289\/revisions"}],"predecessor-version":[{"id":191554,"href":"http:\/\/yellowinmo.dev.theroomsocial.com\/fr\/wp-json\/wp\/v2\/wdd-property\/46289\/revisions\/191554"}],"wp:featuredmedia":[{"embeddable":true,"href":"http:\/\/yellowinmo.dev.theroomsocial.com\/fr\/wp-json\/wp\/v2\/media\/171870"}],"wp:attachment":[{"href":"http:\/\/yellowinmo.dev.theroomsocial.com\/fr\/wp-json\/wp\/v2\/media?parent=46289"}],"curies":[{"name":"wp","href":"https:\/\/api.w.org\/{rel}","templated":true}]}}