{"id":443219,"date":"2024-05-07T11:10:23","date_gmt":"2024-05-07T11:10:23","guid":{"rendered":"http:\/\/yellowinmo.dev.theroomsocial.com\/property\/2614\/"},"modified":"2024-05-09T05:38:04","modified_gmt":"2024-05-09T05:38:04","slug":"2614","status":"publish","type":"wdd-property","link":"http:\/\/yellowinmo.dev.theroomsocial.com\/fr\/property\/2614\/","title":{"rendered":"Piso el Dugue"},"content":{"rendered":"<p><p>Ce charmant appartement a \u00e9t\u00e9 enti\u00e8rement r\u00e9nov\u00e9 et est situ\u00e9 dans un emplacement privil\u00e9gi\u00e9 \u00e0 San Fernando, \u00e0 quelques minutes \u00e0 pied de la plage et \u00e0 une courte distance du centre-ville. Avec une excellente connectivit\u00e9 aux zones touristiques et de loisirs, cette propri\u00e9t\u00e9 repr\u00e9sente une opportunit\u00e9 unique comme investissement pour la location ou comme prochaine maison.<\/p>\n<\/p>\n<p>La maison dispose de 3 chambres, ce qui la rend id\u00e9ale pour les familles ou ceux qui recherchent un espace suppl\u00e9mentaire pour les invit\u00e9s ou un bureau \u00e0 domicile. De plus, il dispose de 1 salle de bain compl\u00e8te, \u00e9quip\u00e9e de tout le confort n\u00e9cessaire \u00e0 la vie quotidienne.<\/p>\n<\/p>\n<p>Le salon lumineux est int\u00e9gr\u00e9 \u00e0 une cuisine moderne enti\u00e8rement \u00e9quip\u00e9e, cr\u00e9ant un espace ouvert et fonctionnel qui invite au plaisir et \u00e0 la coexistence. Cet am\u00e9nagement est parfait pour les r\u00e9unions de famille ou entre amis, ainsi que pour d\u00e9guster d&rsquo;agr\u00e9ables repas faits maison.<\/p>\n<\/p>\n<p>La proximit\u00e9 de la plage et du centre-ville font de cet appartement une option attrayante aussi bien pour ceux qui recherchent un lieu de vacances pr\u00e8s de la mer que pour ceux qui appr\u00e9cient la commodit\u00e9 d&rsquo;avoir tous les services et commerces \u00e0 distance de marche.<\/p>\n<p>Enviar comentarios<\/p>\n<p>Paneles laterales<\/p><\/p>\n","protected":false},"author":1,"featured_media":443095,"template":"","class_list":["post-443219","wdd-property","type-wdd-property","status-publish","has-post-thumbnail","hentry","wdd-location-centro-historico","wdd-operation-vente","wdd-property-type-apartamento"],"_links":{"self":[{"href":"http:\/\/yellowinmo.dev.theroomsocial.com\/fr\/wp-json\/wp\/v2\/wdd-property\/443219","targetHints":{"allow":["GET"]}}],"collection":[{"href":"http:\/\/yellowinmo.dev.theroomsocial.com\/fr\/wp-json\/wp\/v2\/wdd-property"}],"about":[{"href":"http:\/\/yellowinmo.dev.theroomsocial.com\/fr\/wp-json\/wp\/v2\/types\/wdd-property"}],"author":[{"embeddable":true,"href":"http:\/\/yellowinmo.dev.theroomsocial.com\/fr\/wp-json\/wp\/v2\/users\/1"}],"version-history":[{"count":1,"href":"http:\/\/yellowinmo.dev.theroomsocial.com\/fr\/wp-json\/wp\/v2\/wdd-property\/443219\/revisions"}],"predecessor-version":[{"id":443471,"href":"http:\/\/yellowinmo.dev.theroomsocial.com\/fr\/wp-json\/wp\/v2\/wdd-property\/443219\/revisions\/443471"}],"wp:featuredmedia":[{"embeddable":true,"href":"http:\/\/yellowinmo.dev.theroomsocial.com\/fr\/wp-json\/wp\/v2\/media\/443095"}],"wp:attachment":[{"href":"http:\/\/yellowinmo.dev.theroomsocial.com\/fr\/wp-json\/wp\/v2\/media?parent=443219"}],"curies":[{"name":"wp","href":"https:\/\/api.w.org\/{rel}","templated":true}]}}