{"id":411887,"date":"2024-02-29T11:10:39","date_gmt":"2023-10-11T13:24:41","guid":{"rendered":"http:\/\/yellowinmo.dev.theroomsocial.com\/property\/2579\/"},"modified":"2024-03-02T05:38:00","modified_gmt":"2024-03-02T05:38:00","slug":"2579","status":"publish","type":"wdd-property","link":"http:\/\/yellowinmo.dev.theroomsocial.com\/fr\/property\/2579\/","title":{"rendered":"Villa Encanto"},"content":{"rendered":"<p><p>Cette belle villa se compose de deux b\u00e2timents : la maison principale et un plus petit. La maison principale comprend deux chambres et deux salles de bain compl\u00e8tes, offrant confort et intimit\u00e9 jusqu&rsquo;\u00e0 quatre personnes. Les chambres sont meubl\u00e9es avec go\u00fbt et offrent une atmosph\u00e8re chaleureuse et relaxante.<\/p>\n<\/p>\n<p>Le deuxi\u00e8me b\u00e2timent dispose d&rsquo;une chambre suppl\u00e9mentaire et d&rsquo;une salle de bain s\u00e9par\u00e9e, id\u00e9ale pour ceux qui pr\u00e9f\u00e8rent un espace s\u00e9par\u00e9 ou pour accueillir des visiteurs suppl\u00e9mentaires.<\/p>\n<\/p>\n<p>Le point fort de cette villa est sa piscine priv\u00e9e, o\u00f9 vous pourrez profiter de baignades rafra\u00eechissantes sous le soleil de Chiclana. De plus, elle dispose \u00e9galement d&rsquo;un jacuzzi priv\u00e9 avec eau chaude, parfait pour se d\u00e9tendre apr\u00e8s une journ\u00e9e \u00e0 la plage ou explorer la r\u00e9gion.<\/p>\n<\/p>\n<p>La villa b\u00e9n\u00e9ficie d&rsquo;un emplacement id\u00e9al, \u00e0 proximit\u00e9 de la plage, vous permettant de profiter de journ\u00e9es ensoleill\u00e9es et relaxantes au bord de la mer. Il se trouve \u00e9galement \u00e0 proximit\u00e9 des restaurants, boutiques et autres attractions de Chiclana de la Frontera.<\/p>\n<\/p>\n<p>En r\u00e9sum\u00e9, cette villa en location saisonni\u00e8re \u00e0 Chiclana de la Frontera offre deux b\u00e2timents, une piscine priv\u00e9e, un jacuzzi priv\u00e9 avec eau chaude et un emplacement privil\u00e9gi\u00e9 \u00e0 proximit\u00e9 de la plage. C&rsquo;est l&rsquo;endroit id\u00e9al pour passer des vacances relaxantes et amusantes.<\/p>\n<p>Il est lou\u00e9 pour des saisons non annuelles<\/p><\/p>\n","protected":false},"author":1,"featured_media":411819,"template":"","class_list":["post-411887","wdd-property","type-wdd-property","status-publish","has-post-thumbnail","hentry","wdd-location-pago-melilla","wdd-operation-de-location","wdd-property-type-villa"],"_links":{"self":[{"href":"http:\/\/yellowinmo.dev.theroomsocial.com\/fr\/wp-json\/wp\/v2\/wdd-property\/411887","targetHints":{"allow":["GET"]}}],"collection":[{"href":"http:\/\/yellowinmo.dev.theroomsocial.com\/fr\/wp-json\/wp\/v2\/wdd-property"}],"about":[{"href":"http:\/\/yellowinmo.dev.theroomsocial.com\/fr\/wp-json\/wp\/v2\/types\/wdd-property"}],"author":[{"embeddable":true,"href":"http:\/\/yellowinmo.dev.theroomsocial.com\/fr\/wp-json\/wp\/v2\/users\/1"}],"version-history":[{"count":1,"href":"http:\/\/yellowinmo.dev.theroomsocial.com\/fr\/wp-json\/wp\/v2\/wdd-property\/411887\/revisions"}],"predecessor-version":[{"id":412684,"href":"http:\/\/yellowinmo.dev.theroomsocial.com\/fr\/wp-json\/wp\/v2\/wdd-property\/411887\/revisions\/412684"}],"wp:featuredmedia":[{"embeddable":true,"href":"http:\/\/yellowinmo.dev.theroomsocial.com\/fr\/wp-json\/wp\/v2\/media\/411819"}],"wp:attachment":[{"href":"http:\/\/yellowinmo.dev.theroomsocial.com\/fr\/wp-json\/wp\/v2\/media?parent=411887"}],"curies":[{"name":"wp","href":"https:\/\/api.w.org\/{rel}","templated":true}]}}