{"id":352929,"date":"2023-07-18T13:01:49","date_gmt":"2023-01-23T13:22:47","guid":{"rendered":"http:\/\/yellowinmo.dev.theroomsocial.com\/property\/2518\/"},"modified":"2024-04-29T09:12:59","modified_gmt":"2024-04-29T09:12:59","slug":"2518","status":"publish","type":"wdd-property","link":"http:\/\/yellowinmo.dev.theroomsocial.com\/fr\/property\/2518\/","title":{"rendered":"Villa Senator"},"content":{"rendered":"<p><p>Grande Villa \u00e0 vendre situ\u00e9e \u00e0 Chiclana de la Frontera dans le quartier El Marquesado avec un bon emplacement tr\u00e8s proche des supermarch\u00e9s Mercadona, des boulangeries, des arr\u00eats de bus et \u00e0 8 km des plages de Chiclana.<\/p>\n<p>Le chalet est tr\u00e8s bien entretenu et est r\u00e9parti en 3 chambres, 2 salles de bain, un salon avec chemin\u00e9e s\u00e9par\u00e9e, il dispose \u00e9galement de la climatisation install\u00e9e, d&rsquo;une cuisine \u00e9quip\u00e9e et d&rsquo;un porche lat\u00e9ral avec une table de jardin.<\/p>\n<p>Le terrain est de 500m2 avec une piscine priv\u00e9e.<\/p>\n<p>tout est tr\u00e8s bon \u00e0 vivre toute l&rsquo;ann\u00e9e<\/p><\/p>\n","protected":false},"author":1,"featured_media":401632,"template":"","class_list":["post-352929","wdd-property","type-wdd-property","status-publish","has-post-thumbnail","hentry","wdd-location-marquesado","wdd-operation-vente","wdd-property-type-villa"],"_links":{"self":[{"href":"http:\/\/yellowinmo.dev.theroomsocial.com\/fr\/wp-json\/wp\/v2\/wdd-property\/352929","targetHints":{"allow":["GET"]}}],"collection":[{"href":"http:\/\/yellowinmo.dev.theroomsocial.com\/fr\/wp-json\/wp\/v2\/wdd-property"}],"about":[{"href":"http:\/\/yellowinmo.dev.theroomsocial.com\/fr\/wp-json\/wp\/v2\/types\/wdd-property"}],"author":[{"embeddable":true,"href":"http:\/\/yellowinmo.dev.theroomsocial.com\/fr\/wp-json\/wp\/v2\/users\/1"}],"version-history":[{"count":4,"href":"http:\/\/yellowinmo.dev.theroomsocial.com\/fr\/wp-json\/wp\/v2\/wdd-property\/352929\/revisions"}],"predecessor-version":[{"id":400357,"href":"http:\/\/yellowinmo.dev.theroomsocial.com\/fr\/wp-json\/wp\/v2\/wdd-property\/352929\/revisions\/400357"}],"wp:featuredmedia":[{"embeddable":true,"href":"http:\/\/yellowinmo.dev.theroomsocial.com\/fr\/wp-json\/wp\/v2\/media\/401632"}],"wp:attachment":[{"href":"http:\/\/yellowinmo.dev.theroomsocial.com\/fr\/wp-json\/wp\/v2\/media?parent=352929"}],"curies":[{"name":"wp","href":"https:\/\/api.w.org\/{rel}","templated":true}]}}