{"id":293293,"date":"2023-03-02T11:37:37","date_gmt":"2022-06-01T12:40:00","guid":{"rendered":"http:\/\/yellowinmo.dev.theroomsocial.com\/property\/2459\/"},"modified":"2023-07-06T13:08:13","modified_gmt":"2023-07-06T13:08:13","slug":"2459","status":"publish","type":"wdd-property","link":"http:\/\/yellowinmo.dev.theroomsocial.com\/fr\/property\/2459\/","title":{"rendered":"Villa Alegr\u00eda"},"content":{"rendered":"<p><p>La villa Alegra se trouve dans le quartier de Las Veguetas \u00e0 Chiclana de la Frontera, \u00e0 seulement 3,5 kilom\u00e8tres de la plage de La Barrosa. Le chalet est id\u00e9al pour la location de vacances. La maison est r\u00e9partie en 2 chambres, 2 salles de bain compl\u00e8tes et une grande cuisine-salon o\u00f9 se trouvent 2 lits simples. Il dispose \u00e9galement d&rsquo;une piscine priv\u00e9e, d&rsquo;un barbecue, d&rsquo;une salle de bain ext\u00e9rieure, d&rsquo;un garage et d&rsquo;un espace pour se d\u00e9tendre dans un environnement tr\u00e8s calme. Le prix par semaine est de 1 980 \u20ac.<\/p><\/p>\n","protected":false},"author":1,"featured_media":392883,"template":"","class_list":["post-293293","wdd-property","type-wdd-property","status-publish","has-post-thumbnail","hentry","wdd-location-las-veguetas","wdd-operation-de-location","wdd-property-type-villa"],"_links":{"self":[{"href":"http:\/\/yellowinmo.dev.theroomsocial.com\/fr\/wp-json\/wp\/v2\/wdd-property\/293293","targetHints":{"allow":["GET"]}}],"collection":[{"href":"http:\/\/yellowinmo.dev.theroomsocial.com\/fr\/wp-json\/wp\/v2\/wdd-property"}],"about":[{"href":"http:\/\/yellowinmo.dev.theroomsocial.com\/fr\/wp-json\/wp\/v2\/types\/wdd-property"}],"author":[{"embeddable":true,"href":"http:\/\/yellowinmo.dev.theroomsocial.com\/fr\/wp-json\/wp\/v2\/users\/1"}],"version-history":[{"count":2,"href":"http:\/\/yellowinmo.dev.theroomsocial.com\/fr\/wp-json\/wp\/v2\/wdd-property\/293293\/revisions"}],"predecessor-version":[{"id":392919,"href":"http:\/\/yellowinmo.dev.theroomsocial.com\/fr\/wp-json\/wp\/v2\/wdd-property\/293293\/revisions\/392919"}],"wp:featuredmedia":[{"embeddable":true,"href":"http:\/\/yellowinmo.dev.theroomsocial.com\/fr\/wp-json\/wp\/v2\/media\/392883"}],"wp:attachment":[{"href":"http:\/\/yellowinmo.dev.theroomsocial.com\/fr\/wp-json\/wp\/v2\/media?parent=293293"}],"curies":[{"name":"wp","href":"https:\/\/api.w.org\/{rel}","templated":true}]}}