{"id":422352,"date":"2023-12-11T19:24:05","date_gmt":"2023-12-11T19:24:05","guid":{"rendered":"http:\/\/yellowinmo.dev.theroomsocial.com\/property\/2587\/"},"modified":"2023-12-13T05:34:51","modified_gmt":"2023-12-13T05:34:51","slug":"2587","status":"publish","type":"wdd-property","link":"http:\/\/yellowinmo.dev.theroomsocial.com\/de\/property\/2587\/","title":{"rendered":"Villa Fuerte"},"content":{"rendered":"<p><p>Villa Fuerte liegt in einer ruhigen Gegend von Chiclana de la Frontera. Mit einer bebauten Gesamtfl\u00e4che von 228 m2 auf einem 560 m2 gro\u00dfen, abgetrennten Grundst\u00fcck. Das 112 m\u00b2 gro\u00dfe Haus verf\u00fcgt \u00fcber drei Doppelzimmer, eine gro\u00dfe K\u00fcche, zwei Badezimmer und ein Wohnzimmer mit Kamin.<\/p>\n<p>Es verf\u00fcgt \u00fcber einen 32 m\u00b2 gro\u00dfen privaten Pool und ein 59 m\u00b2 gro\u00dfes Lagerhaus, das teilweise renoviert werden muss.<\/p>\n<p>Kurz gesagt, es ist ein gute Villa f\u00fcr eine Familie.<\/p><\/p>\n","protected":false},"author":1,"featured_media":422298,"template":"","class_list":["post-422352","wdd-property","type-wdd-property","status-publish","has-post-thumbnail","hentry","wdd-location-carretera-de-medina","wdd-operation-verkauf","wdd-property-type-villa","wdd-property-label-destacado-estrella"],"_links":{"self":[{"href":"http:\/\/yellowinmo.dev.theroomsocial.com\/de\/wp-json\/wp\/v2\/wdd-property\/422352","targetHints":{"allow":["GET"]}}],"collection":[{"href":"http:\/\/yellowinmo.dev.theroomsocial.com\/de\/wp-json\/wp\/v2\/wdd-property"}],"about":[{"href":"http:\/\/yellowinmo.dev.theroomsocial.com\/de\/wp-json\/wp\/v2\/types\/wdd-property"}],"author":[{"embeddable":true,"href":"http:\/\/yellowinmo.dev.theroomsocial.com\/de\/wp-json\/wp\/v2\/users\/1"}],"version-history":[{"count":1,"href":"http:\/\/yellowinmo.dev.theroomsocial.com\/de\/wp-json\/wp\/v2\/wdd-property\/422352\/revisions"}],"predecessor-version":[{"id":422416,"href":"http:\/\/yellowinmo.dev.theroomsocial.com\/de\/wp-json\/wp\/v2\/wdd-property\/422352\/revisions\/422416"}],"wp:featuredmedia":[{"embeddable":true,"href":"http:\/\/yellowinmo.dev.theroomsocial.com\/de\/wp-json\/wp\/v2\/media\/422298"}],"wp:attachment":[{"href":"http:\/\/yellowinmo.dev.theroomsocial.com\/de\/wp-json\/wp\/v2\/media?parent=422352"}],"curies":[{"name":"wp","href":"https:\/\/api.w.org\/{rel}","templated":true}]}}