{"id":413694,"date":"2023-12-28T20:15:16","date_gmt":"2023-10-17T11:47:33","guid":{"rendered":"http:\/\/yellowinmo.dev.theroomsocial.com\/property\/2580\/"},"modified":"2023-12-30T05:35:38","modified_gmt":"2023-12-30T05:35:38","slug":"2580","status":"publish","type":"wdd-property","link":"http:\/\/yellowinmo.dev.theroomsocial.com\/de\/property\/2580\/","title":{"rendered":"Villa Novo Melilla"},"content":{"rendered":"<p><p>Die beiden zum Verkauf stehenden Villen befinden sich in der Gegend von Pago Melilla, umgeben von einer ruhigen und angenehmen Umgebung. Das Grundst\u00fcck hat eine Fl\u00e4che von 1100m2 und es gibt zwei unabh\u00e4ngige Chalets.<\/p>\n<\/p>\n<p>Das erste Villa verf\u00fcgt \u00fcber ein Schlafzimmer, ein komplettes Badezimmer, ein gem\u00fctliches Wohnzimmer und eine ausgestattete K\u00fcche. Es ist der perfekte Ort f\u00fcr diejenigen, die einen intimen und komfortablen Raum suchen.<\/p>\n<\/p>\n<p>Das zweite Villa hingegen verf\u00fcgt \u00fcber zwei gro\u00dfe Schlafzimmer, ein komplettes Badezimmer, eine voll ausgestattete K\u00fcche und ein helles Wohnzimmer. Dieses Chalet ist ideal f\u00fcr Familien oder diejenigen, die etwas mehr Platz w\u00fcnschen.<\/p>\n<\/p>\n<p>Beide Chalets sind von einem wundersch\u00f6nen Garten umgeben, der f\u00fcr eine nat\u00fcrliche und attraktive Umgebung sorgt. Dar\u00fcber hinaus macht die N\u00e4he zum nur 800 Meter entfernten Strand Novo Sancti Petri dieses Anwesen zu einer noch attraktiveren Option, um das Meer und Outdoor-Aktivit\u00e4ten zu genie\u00dfen.<\/p>\n<\/p>\n<p>Zusammenfassend bietet diese zum Verkauf stehende Villa in der Gegend von Pago Melilla zwei unabh\u00e4ngige Wohnm\u00f6glichkeiten mit unterschiedlichen Eigenschaften und Komfort, aber beide in einer ruhigen Umgebung und mit einem wundersch\u00f6nen Garten. Seine privilegierte Lage in Strandn\u00e4he macht es zu einer hervorragenden Gelegenheit f\u00fcr diejenigen, die ein ruhiges und entspanntes Leben am Meer suchen.<\/p><\/p>\n","protected":false},"author":1,"featured_media":413624,"template":"","class_list":["post-413694","wdd-property","type-wdd-property","status-publish","has-post-thumbnail","hentry","wdd-operation-verkauf","wdd-property-type-villa"],"_links":{"self":[{"href":"http:\/\/yellowinmo.dev.theroomsocial.com\/de\/wp-json\/wp\/v2\/wdd-property\/413694","targetHints":{"allow":["GET"]}}],"collection":[{"href":"http:\/\/yellowinmo.dev.theroomsocial.com\/de\/wp-json\/wp\/v2\/wdd-property"}],"about":[{"href":"http:\/\/yellowinmo.dev.theroomsocial.com\/de\/wp-json\/wp\/v2\/types\/wdd-property"}],"author":[{"embeddable":true,"href":"http:\/\/yellowinmo.dev.theroomsocial.com\/de\/wp-json\/wp\/v2\/users\/1"}],"version-history":[{"count":1,"href":"http:\/\/yellowinmo.dev.theroomsocial.com\/de\/wp-json\/wp\/v2\/wdd-property\/413694\/revisions"}],"predecessor-version":[{"id":414302,"href":"http:\/\/yellowinmo.dev.theroomsocial.com\/de\/wp-json\/wp\/v2\/wdd-property\/413694\/revisions\/414302"}],"wp:featuredmedia":[{"embeddable":true,"href":"http:\/\/yellowinmo.dev.theroomsocial.com\/de\/wp-json\/wp\/v2\/media\/413624"}],"wp:attachment":[{"href":"http:\/\/yellowinmo.dev.theroomsocial.com\/de\/wp-json\/wp\/v2\/media?parent=413694"}],"curies":[{"name":"wp","href":"https:\/\/api.w.org\/{rel}","templated":true}]}}