{"id":411886,"date":"2024-02-29T11:10:39","date_gmt":"2023-10-11T13:24:41","guid":{"rendered":"http:\/\/yellowinmo.dev.theroomsocial.com\/property\/2579\/"},"modified":"2024-03-02T05:37:59","modified_gmt":"2024-03-02T05:37:59","slug":"2579","status":"publish","type":"wdd-property","link":"http:\/\/yellowinmo.dev.theroomsocial.com\/de\/property\/2579\/","title":{"rendered":"Villa Encanto"},"content":{"rendered":"<p><p>Diese sch\u00f6ne Villa besteht aus zwei Geb\u00e4uden: dem Haupthaus und einem kleineren. Das Haupthaus verf\u00fcgt \u00fcber zwei Schlafzimmer und zwei komplette Badezimmer und bietet Komfort und Privatsph\u00e4re f\u00fcr bis zu vier Personen. Die Schlafzimmer sind geschmackvoll eingerichtet und bieten eine gem\u00fctliche und entspannende Atmosph\u00e4re.<\/p>\n<\/p>\n<p>Das zweite Geb\u00e4ude verf\u00fcgt \u00fcber ein zus\u00e4tzliches Schlafzimmer und ein separates Badezimmer, ideal f\u00fcr diejenigen, die einen separaten Raum bevorzugen oder zus\u00e4tzliche Besucher unterbringen m\u00f6chten.<\/p>\n<\/p>\n<p>Ein Highlight dieser Villa ist der private Pool, in dem Sie ein erfrischendes Bad unter der Sonne von Chiclana genie\u00dfen k\u00f6nnen. Dar\u00fcber hinaus verf\u00fcgt es \u00fcber einen privaten Whirlpool mit hei\u00dfem Wasser, der sich perfekt zum Entspannen nach einem Tag am Strand oder zum Erkunden der Gegend eignet.<\/p>\n<\/p>\n<p>Die Villa befindet sich in einer gro\u00dfartigen Lage nahe dem Strand, so dass Sie sonnige und erholsame Tage am Meer genie\u00dfen k\u00f6nnen. Es liegt auch in der N\u00e4he von Restaurants, Gesch\u00e4ften und anderen Attraktionen in Chiclana de la Frontera.<\/p>\n<\/p>\n<p>Zusammenfassend bietet diese Villa zur Saisonmiete in Chiclana de la Frontera zwei Geb\u00e4ude, einen privaten Pool, einen privaten Whirlpool mit Warmwasser und eine privilegierte Lage in Strandn\u00e4he. Es ist der perfekte Ort, um einen erholsamen und unterhaltsamen Urlaub zu genie\u00dfen.<\/p>\n<p>Es wird f\u00fcr nicht ganzj\u00e4hrige  vermietet<\/p><\/p>\n","protected":false},"author":1,"featured_media":411820,"template":"","class_list":["post-411886","wdd-property","type-wdd-property","status-publish","has-post-thumbnail","hentry","wdd-location-pago-melilla","wdd-operation-vermietung","wdd-property-type-villa"],"_links":{"self":[{"href":"http:\/\/yellowinmo.dev.theroomsocial.com\/de\/wp-json\/wp\/v2\/wdd-property\/411886","targetHints":{"allow":["GET"]}}],"collection":[{"href":"http:\/\/yellowinmo.dev.theroomsocial.com\/de\/wp-json\/wp\/v2\/wdd-property"}],"about":[{"href":"http:\/\/yellowinmo.dev.theroomsocial.com\/de\/wp-json\/wp\/v2\/types\/wdd-property"}],"author":[{"embeddable":true,"href":"http:\/\/yellowinmo.dev.theroomsocial.com\/de\/wp-json\/wp\/v2\/users\/1"}],"version-history":[{"count":1,"href":"http:\/\/yellowinmo.dev.theroomsocial.com\/de\/wp-json\/wp\/v2\/wdd-property\/411886\/revisions"}],"predecessor-version":[{"id":412681,"href":"http:\/\/yellowinmo.dev.theroomsocial.com\/de\/wp-json\/wp\/v2\/wdd-property\/411886\/revisions\/412681"}],"wp:featuredmedia":[{"embeddable":true,"href":"http:\/\/yellowinmo.dev.theroomsocial.com\/de\/wp-json\/wp\/v2\/media\/411820"}],"wp:attachment":[{"href":"http:\/\/yellowinmo.dev.theroomsocial.com\/de\/wp-json\/wp\/v2\/media?parent=411886"}],"curies":[{"name":"wp","href":"https:\/\/api.w.org\/{rel}","templated":true}]}}