{"id":377658,"date":"2023-07-26T11:08:22","date_gmt":"2023-05-19T12:10:10","guid":{"rendered":"http:\/\/yellowinmo.dev.theroomsocial.com\/property\/2546\/"},"modified":"2023-07-27T05:36:14","modified_gmt":"2023-07-27T05:36:14","slug":"2546","status":"publish","type":"wdd-property","link":"http:\/\/yellowinmo.dev.theroomsocial.com\/de\/property\/2546\/","title":{"rendered":"Piso Alamo con vista al Mar"},"content":{"rendered":"<p><p>Wohnung zum Verkauf in der Stadt C\u00e1diz, Region Cortadura. Diese charmante Wohnung verf\u00fcgt \u00fcber 4 Schlafzimmer und zwei  Badezimmer, ideal f\u00fcr Familien.<\/p>\n<p>Die Lage dieser Wohnung ist unschlagbar, da sie nur 15 Meter vom Strand entfernt ist, sodass Sie die Sonne und die Meeresbrise genie\u00dfen k\u00f6nnen. Dar\u00fcber hinaus verf\u00fcgt die Gegend \u00fcber zahlreiche Unterhaltungsm\u00f6glichkeiten, wie Restaurants, Bars und Gesch\u00e4fte,<\/p>\n<p>Die Inneneinrichtung der Wohnung ist sehr gepflegt. Die K\u00fcche ist komplett mit Elektroger\u00e4ten ausgestattet und das Wohn-Esszimmer verf\u00fcgt \u00fcber gro\u00dfe terrasse, die einen beeindruckenden Blick auf das Meer bieten!<\/p><\/p>\n","protected":false},"author":1,"featured_media":0,"template":"","class_list":["post-377658","wdd-property","type-wdd-property","status-publish","hentry","wdd-location-avenida","wdd-operation-verkauf","wdd-property-type-piso"],"_links":{"self":[{"href":"http:\/\/yellowinmo.dev.theroomsocial.com\/de\/wp-json\/wp\/v2\/wdd-property\/377658","targetHints":{"allow":["GET"]}}],"collection":[{"href":"http:\/\/yellowinmo.dev.theroomsocial.com\/de\/wp-json\/wp\/v2\/wdd-property"}],"about":[{"href":"http:\/\/yellowinmo.dev.theroomsocial.com\/de\/wp-json\/wp\/v2\/types\/wdd-property"}],"author":[{"embeddable":true,"href":"http:\/\/yellowinmo.dev.theroomsocial.com\/de\/wp-json\/wp\/v2\/users\/1"}],"version-history":[{"count":3,"href":"http:\/\/yellowinmo.dev.theroomsocial.com\/de\/wp-json\/wp\/v2\/wdd-property\/377658\/revisions"}],"predecessor-version":[{"id":378355,"href":"http:\/\/yellowinmo.dev.theroomsocial.com\/de\/wp-json\/wp\/v2\/wdd-property\/377658\/revisions\/378355"}],"wp:attachment":[{"href":"http:\/\/yellowinmo.dev.theroomsocial.com\/de\/wp-json\/wp\/v2\/media?parent=377658"}],"curies":[{"name":"wp","href":"https:\/\/api.w.org\/{rel}","templated":true}]}}