{"id":370233,"date":"2023-05-11T11:57:11","date_gmt":"2023-04-17T15:31:26","guid":{"rendered":"http:\/\/yellowinmo.dev.theroomsocial.com\/property\/2449\/"},"modified":"2023-07-06T13:05:48","modified_gmt":"2023-07-06T13:05:48","slug":"2449","status":"publish","type":"wdd-property","link":"http:\/\/yellowinmo.dev.theroomsocial.com\/de\/property\/2449\/","title":{"rendered":"Villa Chele"},"content":{"rendered":"<p><p>Wundersch\u00f6ne Villa zur Ferienvermietung mit regester nummer  VFT\/CA\/17463<\/p>\n<p>in Chiclana de la Frontera, in der als Pago Melilla (Novo Melilla) bekannten Gegend, hat eine sehr gute Lage, nur 1 km von der Gegend von Novo Sancti Petri und 1,5 km von den Str\u00e4nden entfernt, in einer perfekten ruhigen Umgebung Ihren Urlaub mit Familie oder Freunden, es bietet \u00fcberdachte Parkpl\u00e4tze, Picknickplatz, privates Schwimmbad<\/p>\n<p>Das Haus bietet 3 Doppelzimmer + ein kleines Zimmer f\u00fcr eine Person mit einer Kapazit\u00e4t von 8 Personen, 2 Badezimmer, Wohnzimmer mit Esstisch, K\u00fcche mit Kamin und Veranda. Ein perfekter Ort.<\/p><\/p>\n","protected":false},"author":1,"featured_media":392488,"template":"","class_list":["post-370233","wdd-property","type-wdd-property","status-publish","has-post-thumbnail","hentry","wdd-location-pago-melilla","wdd-operation-vermietung","wdd-property-type-villa","wdd-property-label-destacado"],"_links":{"self":[{"href":"http:\/\/yellowinmo.dev.theroomsocial.com\/de\/wp-json\/wp\/v2\/wdd-property\/370233","targetHints":{"allow":["GET"]}}],"collection":[{"href":"http:\/\/yellowinmo.dev.theroomsocial.com\/de\/wp-json\/wp\/v2\/wdd-property"}],"about":[{"href":"http:\/\/yellowinmo.dev.theroomsocial.com\/de\/wp-json\/wp\/v2\/types\/wdd-property"}],"author":[{"embeddable":true,"href":"http:\/\/yellowinmo.dev.theroomsocial.com\/de\/wp-json\/wp\/v2\/users\/1"}],"version-history":[{"count":3,"href":"http:\/\/yellowinmo.dev.theroomsocial.com\/de\/wp-json\/wp\/v2\/wdd-property\/370233\/revisions"}],"predecessor-version":[{"id":392610,"href":"http:\/\/yellowinmo.dev.theroomsocial.com\/de\/wp-json\/wp\/v2\/wdd-property\/370233\/revisions\/392610"}],"wp:featuredmedia":[{"embeddable":true,"href":"http:\/\/yellowinmo.dev.theroomsocial.com\/de\/wp-json\/wp\/v2\/media\/392488"}],"wp:attachment":[{"href":"http:\/\/yellowinmo.dev.theroomsocial.com\/de\/wp-json\/wp\/v2\/media?parent=370233"}],"curies":[{"name":"wp","href":"https:\/\/api.w.org\/{rel}","templated":true}]}}