{"id":357859,"date":"2024-02-07T12:05:37","date_gmt":"2023-02-20T12:38:29","guid":{"rendered":"http:\/\/yellowinmo.dev.theroomsocial.com\/property\/2523\/"},"modified":"2024-04-29T09:21:35","modified_gmt":"2024-04-29T09:21:35","slug":"2523","status":"publish","type":"wdd-property","link":"http:\/\/yellowinmo.dev.theroomsocial.com\/de\/property\/2523\/","title":{"rendered":"Villa dos Torres"},"content":{"rendered":"<p><p>Gro\u00dfe Ferienvilla in Chiclana de la Frontera, Costa de la Luz, in der Wohngegend von Hozanejos, mit Stadtwasser, einer ruhigen und perfekten Gegend, um Ihren Urlaub an der Costa de la Luz zu verbringen. Es verf\u00fcgt \u00fcber ein gepflegtes 2000 m2 gro\u00dfes Grundst\u00fcck mit privatem Pool und einem sch\u00f6nen Garten. Die Villa hat eine bebaute Fl\u00e4che von 237m2, verteilt auf zwei Etagen, im Erdgeschoss hat sie eine ausgestattete K\u00fcche und Ausgang zum Garten, Wohnzimmer mit Kamin, Klimaanlage, 1 Schlafzimmer mit Doppelbett, 1 Badezimmer, im zweiten Etage verf\u00fcgt es es ein Schlafzimmer mit Bad en suite und 2 Doppelzimmer und ein komplettes Badezimmer , vercf\u00fcht auch \u00fcber Heizung f\u00fcr den Winter monate, zwei \u00fcberdachte Veranden,. Die Entfernung zum Strand betr\u00e4gt 6 km.<\/p>\n<p>Wochenpreis im Juni 1700.-\u20ac, Juli 2150.-\u20ac im August 2250.-\u20ac September 1700.-\u20ac andere Monate bitte nachfragen<\/p><\/p>\n","protected":false},"author":1,"featured_media":366162,"template":"","class_list":["post-357859","wdd-property","type-wdd-property","status-publish","has-post-thumbnail","hentry","wdd-location-hozanejo","wdd-operation-vermietung","wdd-property-type-villa"],"_links":{"self":[{"href":"http:\/\/yellowinmo.dev.theroomsocial.com\/de\/wp-json\/wp\/v2\/wdd-property\/357859","targetHints":{"allow":["GET"]}}],"collection":[{"href":"http:\/\/yellowinmo.dev.theroomsocial.com\/de\/wp-json\/wp\/v2\/wdd-property"}],"about":[{"href":"http:\/\/yellowinmo.dev.theroomsocial.com\/de\/wp-json\/wp\/v2\/types\/wdd-property"}],"author":[{"embeddable":true,"href":"http:\/\/yellowinmo.dev.theroomsocial.com\/de\/wp-json\/wp\/v2\/users\/1"}],"version-history":[{"count":2,"href":"http:\/\/yellowinmo.dev.theroomsocial.com\/de\/wp-json\/wp\/v2\/wdd-property\/357859\/revisions"}],"predecessor-version":[{"id":429749,"href":"http:\/\/yellowinmo.dev.theroomsocial.com\/de\/wp-json\/wp\/v2\/wdd-property\/357859\/revisions\/429749"}],"wp:featuredmedia":[{"embeddable":true,"href":"http:\/\/yellowinmo.dev.theroomsocial.com\/de\/wp-json\/wp\/v2\/media\/366162"}],"wp:attachment":[{"href":"http:\/\/yellowinmo.dev.theroomsocial.com\/de\/wp-json\/wp\/v2\/media?parent=357859"}],"curies":[{"name":"wp","href":"https:\/\/api.w.org\/{rel}","templated":true}]}}