{"id":318192,"date":"2024-01-29T12:15:41","date_gmt":"2022-08-17T13:36:39","guid":{"rendered":"http:\/\/yellowinmo.dev.theroomsocial.com\/property\/2486\/"},"modified":"2024-01-31T05:37:17","modified_gmt":"2024-01-31T05:37:17","slug":"2486","status":"publish","type":"wdd-property","link":"http:\/\/yellowinmo.dev.theroomsocial.com\/de\/property\/2486\/","title":{"rendered":"Villa Fresno"},"content":{"rendered":"<p><p>Tolle Villa zur Kurz- und Langzeitmiete in Chiclana de la Frontera in der Gegend namens La Rana Verde in der N\u00e4he von Superm\u00e4rkten, Gesch\u00e4ften, Apotheken und Restaurants.<\/p>\n<p>Die Villa hat ein modernes Design und ist sehr komfortabel.Es verf\u00fcgt \u00fcber 2 Schlafzimmer, das erste mit einem 150-cm-Bett, Badezimmer mit en-suite Dusche und Ankleideraum und das andere mit zwei 90-cm-Einzelbetten. Es gibt ein weiteres komplettes Badezimmer mit Duschplatte au\u00dferhalb der Zimmer.Das Wohnzimmer hat direkten Zugang zum Garten und zur Veranda mit Gartenm\u00f6beln, um eine Mahlzeit im Freien zu genie\u00dfen. Es hat einen privaten Pool in einem sehr sch\u00f6nen Garten, der sich perfekt f\u00fcr Ihren Urlaub eignet.<\/p>\n<p>Mietpreis von november bis februar 1700.-\u20ac M\u00e4rz, 1900.-\u20ac ,April 2000.-\u20ac pro monat<\/p><\/p>\n","protected":false},"author":1,"featured_media":384177,"template":"","class_list":["post-318192","wdd-property","type-wdd-property","status-publish","has-post-thumbnail","hentry","wdd-location-la-rana-verde","wdd-operation-vermietung","wdd-property-type-villa"],"_links":{"self":[{"href":"http:\/\/yellowinmo.dev.theroomsocial.com\/de\/wp-json\/wp\/v2\/wdd-property\/318192","targetHints":{"allow":["GET"]}}],"collection":[{"href":"http:\/\/yellowinmo.dev.theroomsocial.com\/de\/wp-json\/wp\/v2\/wdd-property"}],"about":[{"href":"http:\/\/yellowinmo.dev.theroomsocial.com\/de\/wp-json\/wp\/v2\/types\/wdd-property"}],"author":[{"embeddable":true,"href":"http:\/\/yellowinmo.dev.theroomsocial.com\/de\/wp-json\/wp\/v2\/users\/1"}],"version-history":[{"count":3,"href":"http:\/\/yellowinmo.dev.theroomsocial.com\/de\/wp-json\/wp\/v2\/wdd-property\/318192\/revisions"}],"predecessor-version":[{"id":428057,"href":"http:\/\/yellowinmo.dev.theroomsocial.com\/de\/wp-json\/wp\/v2\/wdd-property\/318192\/revisions\/428057"}],"wp:featuredmedia":[{"embeddable":true,"href":"http:\/\/yellowinmo.dev.theroomsocial.com\/de\/wp-json\/wp\/v2\/media\/384177"}],"wp:attachment":[{"href":"http:\/\/yellowinmo.dev.theroomsocial.com\/de\/wp-json\/wp\/v2\/media?parent=318192"}],"curies":[{"name":"wp","href":"https:\/\/api.w.org\/{rel}","templated":true}]}}